{"id":9475,"date":"2023-12-20T11:02:37","date_gmt":"2023-12-20T19:02:37","guid":{"rendered":"https:\/\/www.emboldcu.org\/?post_type=tribe_events&#038;p=9475"},"modified":"2023-12-20T11:02:37","modified_gmt":"2023-12-20T19:02:37","slug":"como-saldar-deudas","status":"publish","type":"tribe_events","link":"https:\/\/www.emboldcu.org\/es\/event\/como-saldar-deudas\/","title":{"rendered":"C\u00f3mo saldar deudas"},"content":{"rendered":"<p>\u00bfSue\u00f1as con saldar tus deudas? \u00a1Hag\u00e1moslo realidad!<br \/>\nEste taller en l\u00ednea te ayudar\u00e1 a conquistar los desaf\u00edos financieros de la vida ya encontrar un camino a seguir.<\/p>\n<p>\u00danete a nosotros para aprender sobre:<br \/>\n\u2013 Diferentes m\u00e9todos de administraci\u00f3n de deudas<br \/>\n\u2013 Los m\u00e9todos de \u201cla bola de nieve\u201d y del tipo de inter\u00e9s para pagar las deudas m\u00e1s r\u00e1pido<br \/>\n\u2013 El verdadero costo de la deuda<br \/>\n\u2013 Calculadoras y herramientas gratuitas para ayudarte a gestionar tus deudas<\/p>\n<p>No dejes que las deudas te hagan retroceder.<\/p>\n<p>No dudes en invitar a familiares y amigos. \u00a1Esperamos verte all\u00ed!<\/p>\n<p><a class=\"co-columns--box_button co-button\" href=\"https:\/\/www.eventbrite.com\/e\/como-saldar-deudas-tickets-780890944837\" target=\"_blank\" rel=\"noopener\">Asistir en persona<\/a><\/p>\n<p><a class=\"co-columns--box_button co-button\" href=\"https:\/\/emboldcu-org.zoom.us\/webinar\/register\/WN_Ekt9I32nRqSNe1Tq33MxcQ\" target=\"_blank\" rel=\"noopener\">Asistir en linea<\/a><\/p>","protected":false},"excerpt":{"rendered":"<p>\u00bfSue\u00f1as con saldar tus deudas? \u00a1Hag\u00e1moslo realidad! Este taller en l\u00ednea te ayudar\u00e1 a conquistar los desaf\u00edos financieros de la vida ya encontrar un camino a seguir. \u00danete a\u2026 <a href=\"https:\/\/www.emboldcu.org\/es\/event\/como-saldar-deudas\/\">Lee mas<\/a><\/p>","protected":false},"author":26,"featured_media":9470,"template":"","meta":{"_acf_changed":false,"_tribe_events_status":"","_tribe_events_status_reason":"","footnotes":""},"tags":[],"tribe_events_cat":[12],"class_list":["post-9475","tribe_events","type-tribe_events","status-publish","has-post-thumbnail","hentry","tribe_events_cat-workshop","cat_workshop"],"acf":[],"yoast_head":"<!-- This site is optimized with the Yoast SEO Premium plugin v27.2 (Yoast SEO v27.2) - https:\/\/yoast.com\/product\/yoast-seo-premium-wordpress\/ -->\n<title>C\u00f3mo saldar deudas | Embold Credit Union<\/title>\n<meta name=\"robots\" content=\"index, follow, max-snippet:-1, max-image-preview:large, max-video-preview:-1\" \/>\n<link rel=\"canonical\" href=\"https:\/\/www.emboldcu.org\/es\/event\/como-saldar-deudas\/\" \/>\n<meta property=\"og:locale\" content=\"es_ES\" \/>\n<meta property=\"og:type\" content=\"article\" \/>\n<meta property=\"og:title\" content=\"C\u00f3mo saldar deudas\" \/>\n<meta property=\"og:description\" content=\"\u00bfSue\u00f1as con saldar tus deudas? \u00a1Hag\u00e1moslo realidad! Este taller en l\u00ednea te ayudar\u00e1 a conquistar los desaf\u00edos financieros de la vida y a encontrar un camino a seguir. \u00danete a\u2026 Read more\" \/>\n<meta property=\"og:url\" content=\"https:\/\/www.emboldcu.org\/es\/event\/como-saldar-deudas\/\" \/>\n<meta property=\"og:site_name\" content=\"Embold Credit Union\" \/>\n<meta property=\"article:publisher\" content=\"https:\/\/www.facebook.com\/emboldcu\" \/>\n<meta property=\"og:image\" content=\"https:\/\/www.emboldcu.org\/wp-content\/uploads\/2023\/12\/iStock-529078246-scaled.jpg\" \/>\n\t<meta property=\"og:image:width\" content=\"1707\" \/>\n\t<meta property=\"og:image:height\" content=\"2560\" \/>\n\t<meta property=\"og:image:type\" content=\"image\/jpeg\" \/>\n<meta name=\"twitter:card\" content=\"summary_large_image\" \/>\n<meta name=\"twitter:site\" content=\"@emboldcu\" \/>\n<meta name=\"twitter:label1\" content=\"Est. reading time\" \/>\n\t<meta name=\"twitter:data1\" content=\"1 minuto\" \/>\n<script type=\"application\/ld+json\" class=\"yoast-schema-graph\">{\"@context\":\"https:\/\/schema.org\",\"@graph\":[{\"@type\":\"WebPage\",\"@id\":\"https:\/\/www.emboldcu.org\/event\/como-saldar-deudas\/\",\"url\":\"https:\/\/www.emboldcu.org\/event\/como-saldar-deudas\/\",\"name\":\"C\u00f3mo saldar deudas | Embold Credit Union\",\"isPartOf\":{\"@id\":\"https:\/\/www.emboldcu.org\/#website\"},\"primaryImageOfPage\":{\"@id\":\"https:\/\/www.emboldcu.org\/event\/como-saldar-deudas\/#primaryimage\"},\"image\":{\"@id\":\"https:\/\/www.emboldcu.org\/event\/como-saldar-deudas\/#primaryimage\"},\"thumbnailUrl\":\"https:\/\/www.emboldcu.org\/wp-content\/uploads\/2023\/12\/iStock-529078246-scaled.jpg\",\"datePublished\":\"2023-12-20T19:02:37+00:00\",\"breadcrumb\":{\"@id\":\"https:\/\/www.emboldcu.org\/event\/como-saldar-deudas\/#breadcrumb\"},\"inLanguage\":\"es-ES\",\"potentialAction\":[{\"@type\":\"ReadAction\",\"target\":[\"https:\/\/www.emboldcu.org\/event\/como-saldar-deudas\/\"]}]},{\"@type\":\"ImageObject\",\"inLanguage\":\"es-ES\",\"@id\":\"https:\/\/www.emboldcu.org\/event\/como-saldar-deudas\/#primaryimage\",\"url\":\"https:\/\/www.emboldcu.org\/wp-content\/uploads\/2023\/12\/iStock-529078246-scaled.jpg\",\"contentUrl\":\"https:\/\/www.emboldcu.org\/wp-content\/uploads\/2023\/12\/iStock-529078246-scaled.jpg\",\"width\":1707,\"height\":2560,\"caption\":\"Portrait of cheerful young female standing behind counter. Successful juice bar owner looking away and smiling.\"},{\"@type\":\"BreadcrumbList\",\"@id\":\"https:\/\/www.emboldcu.org\/event\/como-saldar-deudas\/#breadcrumb\",\"itemListElement\":[{\"@type\":\"ListItem\",\"position\":1,\"name\":\"Home\",\"item\":\"https:\/\/www.emboldcu.org\/\"},{\"@type\":\"ListItem\",\"position\":2,\"name\":\"Events\",\"item\":\"https:\/\/www.emboldcu.org\/es\/events\/\"},{\"@type\":\"ListItem\",\"position\":3,\"name\":\"C\u00f3mo saldar deudas\"}]},{\"@type\":\"WebSite\",\"@id\":\"https:\/\/www.emboldcu.org\/#website\",\"url\":\"https:\/\/www.emboldcu.org\/\",\"name\":\"Embold Credit Union\",\"description\":\"We\u2019ve got your back at Embold\",\"publisher\":{\"@id\":\"https:\/\/www.emboldcu.org\/#organization\"},\"potentialAction\":[{\"@type\":\"SearchAction\",\"target\":{\"@type\":\"EntryPoint\",\"urlTemplate\":\"https:\/\/www.emboldcu.org\/?s={search_term_string}\"},\"query-input\":{\"@type\":\"PropertyValueSpecification\",\"valueRequired\":true,\"valueName\":\"search_term_string\"}}],\"inLanguage\":\"es-ES\"},{\"@type\":\"Organization\",\"@id\":\"https:\/\/www.emboldcu.org\/#organization\",\"name\":\"Embold Credit Union\",\"url\":\"https:\/\/www.emboldcu.org\/\",\"logo\":{\"@type\":\"ImageObject\",\"inLanguage\":\"es-ES\",\"@id\":\"https:\/\/www.emboldcu.org\/#\/schema\/logo\/image\/\",\"url\":\"https:\/\/www.emboldcu.org\/wp-content\/uploads\/2023\/03\/Embold_XDI_Email_footer.jpg\",\"contentUrl\":\"https:\/\/www.emboldcu.org\/wp-content\/uploads\/2023\/03\/Embold_XDI_Email_footer.jpg\",\"width\":348,\"height\":179,\"caption\":\"Embold Credit Union\"},\"image\":{\"@id\":\"https:\/\/www.emboldcu.org\/#\/schema\/logo\/image\/\"},\"sameAs\":[\"https:\/\/www.facebook.com\/emboldcu\",\"https:\/\/x.com\/emboldcu\"]}]}<\/script>\n<!-- \/ Yoast SEO Premium plugin. -->","yoast_head_json":{"title":"C\u00f3mo saldar deudas | Embold Credit Union","robots":{"index":"index","follow":"follow","max-snippet":"max-snippet:-1","max-image-preview":"max-image-preview:large","max-video-preview":"max-video-preview:-1"},"canonical":"https:\/\/www.emboldcu.org\/es\/event\/como-saldar-deudas\/","og_locale":"es_ES","og_type":"article","og_title":"C\u00f3mo saldar deudas","og_description":"\u00bfSue\u00f1as con saldar tus deudas? \u00a1Hag\u00e1moslo realidad! Este taller en l\u00ednea te ayudar\u00e1 a conquistar los desaf\u00edos financieros de la vida y a encontrar un camino a seguir. \u00danete a\u2026 Read more","og_url":"https:\/\/www.emboldcu.org\/es\/event\/como-saldar-deudas\/","og_site_name":"Embold Credit Union","article_publisher":"https:\/\/www.facebook.com\/emboldcu","og_image":[{"width":1707,"height":2560,"url":"https:\/\/www.emboldcu.org\/wp-content\/uploads\/2023\/12\/iStock-529078246-scaled.jpg","type":"image\/jpeg"}],"twitter_card":"summary_large_image","twitter_site":"@emboldcu","twitter_misc":{"Est. reading time":"1 minuto"},"schema":{"@context":"https:\/\/schema.org","@graph":[{"@type":"WebPage","@id":"https:\/\/www.emboldcu.org\/event\/como-saldar-deudas\/","url":"https:\/\/www.emboldcu.org\/event\/como-saldar-deudas\/","name":"C\u00f3mo saldar deudas | Embold Credit Union","isPartOf":{"@id":"https:\/\/www.emboldcu.org\/#website"},"primaryImageOfPage":{"@id":"https:\/\/www.emboldcu.org\/event\/como-saldar-deudas\/#primaryimage"},"image":{"@id":"https:\/\/www.emboldcu.org\/event\/como-saldar-deudas\/#primaryimage"},"thumbnailUrl":"https:\/\/www.emboldcu.org\/wp-content\/uploads\/2023\/12\/iStock-529078246-scaled.jpg","datePublished":"2023-12-20T19:02:37+00:00","breadcrumb":{"@id":"https:\/\/www.emboldcu.org\/event\/como-saldar-deudas\/#breadcrumb"},"inLanguage":"es-ES","potentialAction":[{"@type":"ReadAction","target":["https:\/\/www.emboldcu.org\/event\/como-saldar-deudas\/"]}]},{"@type":"ImageObject","inLanguage":"es-ES","@id":"https:\/\/www.emboldcu.org\/event\/como-saldar-deudas\/#primaryimage","url":"https:\/\/www.emboldcu.org\/wp-content\/uploads\/2023\/12\/iStock-529078246-scaled.jpg","contentUrl":"https:\/\/www.emboldcu.org\/wp-content\/uploads\/2023\/12\/iStock-529078246-scaled.jpg","width":1707,"height":2560,"caption":"Portrait of cheerful young female standing behind counter. Successful juice bar owner looking away and smiling."},{"@type":"BreadcrumbList","@id":"https:\/\/www.emboldcu.org\/event\/como-saldar-deudas\/#breadcrumb","itemListElement":[{"@type":"ListItem","position":1,"name":"Home","item":"https:\/\/www.emboldcu.org\/"},{"@type":"ListItem","position":2,"name":"Events","item":"https:\/\/www.emboldcu.org\/es\/events\/"},{"@type":"ListItem","position":3,"name":"C\u00f3mo saldar deudas"}]},{"@type":"WebSite","@id":"https:\/\/www.emboldcu.org\/#website","url":"https:\/\/www.emboldcu.org\/","name":"Cooperativa de cr\u00e9dito Embold","description":"En Embold te cubrimos las espaldas","publisher":{"@id":"https:\/\/www.emboldcu.org\/#organization"},"potentialAction":[{"@type":"SearchAction","target":{"@type":"EntryPoint","urlTemplate":"https:\/\/www.emboldcu.org\/?s={search_term_string}"},"query-input":{"@type":"PropertyValueSpecification","valueRequired":true,"valueName":"search_term_string"}}],"inLanguage":"es-ES"},{"@type":"Organization","@id":"https:\/\/www.emboldcu.org\/#organization","name":"Cooperativa de cr\u00e9dito Embold","url":"https:\/\/www.emboldcu.org\/","logo":{"@type":"ImageObject","inLanguage":"es-ES","@id":"https:\/\/www.emboldcu.org\/#\/schema\/logo\/image\/","url":"https:\/\/www.emboldcu.org\/wp-content\/uploads\/2023\/03\/Embold_XDI_Email_footer.jpg","contentUrl":"https:\/\/www.emboldcu.org\/wp-content\/uploads\/2023\/03\/Embold_XDI_Email_footer.jpg","width":348,"height":179,"caption":"Embold Credit Union"},"image":{"@id":"https:\/\/www.emboldcu.org\/#\/schema\/logo\/image\/"},"sameAs":["https:\/\/www.facebook.com\/emboldcu","https:\/\/x.com\/emboldcu"]}]}},"_links":{"self":[{"href":"https:\/\/www.emboldcu.org\/es\/wp-json\/wp\/v2\/tribe_events\/9475","targetHints":{"allow":["GET"]}}],"collection":[{"href":"https:\/\/www.emboldcu.org\/es\/wp-json\/wp\/v2\/tribe_events"}],"about":[{"href":"https:\/\/www.emboldcu.org\/es\/wp-json\/wp\/v2\/types\/tribe_events"}],"author":[{"embeddable":true,"href":"https:\/\/www.emboldcu.org\/es\/wp-json\/wp\/v2\/users\/26"}],"version-history":[{"count":1,"href":"https:\/\/www.emboldcu.org\/es\/wp-json\/wp\/v2\/tribe_events\/9475\/revisions"}],"predecessor-version":[{"id":9476,"href":"https:\/\/www.emboldcu.org\/es\/wp-json\/wp\/v2\/tribe_events\/9475\/revisions\/9476"}],"wp:featuredmedia":[{"embeddable":true,"href":"https:\/\/www.emboldcu.org\/es\/wp-json\/wp\/v2\/media\/9470"}],"wp:attachment":[{"href":"https:\/\/www.emboldcu.org\/es\/wp-json\/wp\/v2\/media?parent=9475"}],"wp:term":[{"taxonomy":"post_tag","embeddable":true,"href":"https:\/\/www.emboldcu.org\/es\/wp-json\/wp\/v2\/tags?post=9475"},{"taxonomy":"tribe_events_cat","embeddable":true,"href":"https:\/\/www.emboldcu.org\/es\/wp-json\/wp\/v2\/tribe_events_cat?post=9475"}],"curies":[{"name":"wp","href":"https:\/\/api.w.org\/{rel}","templated":true}]}}